{"id":8885,"date":"2023-06-28T14:26:58","date_gmt":"2023-06-28T12:26:58","guid":{"rendered":"https:\/\/est.eu\/camp\/"},"modified":"2026-04-15T12:59:39","modified_gmt":"2026-04-15T10:59:39","slug":"summer-camp","status":"publish","type":"page","link":"https:\/\/est.eu\/pl\/summer-camp\/","title":{"rendered":"Summer Camp"},"content":{"rendered":"\n<style type=\"text\/css\" data-created_by=\"avia_inline_auto\" id=\"style-css-av-lk8fmbip-ac60f2bbd330bf2977d69fdbd1c81967\">\n.avia-section.av-lk8fmbip-ac60f2bbd330bf2977d69fdbd1c81967{\nbackground-repeat:no-repeat;\nbackground-image:url(https:\/\/est.eu\/wp-content\/uploads\/2023\/07\/Stiftung_Summercamp.jpg);\nbackground-position:50% 0%;\nbackground-attachment:scroll;\n}\n<\/style>\n<div id='av_section_1'  class='avia-section av-lk8fmbip-ac60f2bbd330bf2977d69fdbd1c81967 main_color avia-section-default avia-no-border-styling  avia-builder-el-0  el_before_av_textblock  avia-builder-el-first  avia-full-stretch avia-bg-style-scroll av-minimum-height av-minimum-height-custom av-height-custom  container_wrap sidebar_left'  data-section-bg-repeat='stretch' data-av_minimum_height_px='400'><div class='container av-section-cont-open' style='height:400px'><main  role=\"main\" itemprop=\"mainContentOfPage\"  class='template-page content  av-content-small units'><div class='post-entry post-entry-type-page post-entry-8885'><div class='entry-content-wrapper clearfix'><\/div><\/div><\/main><!-- close content main element --><\/div><\/div><div id='after_section_1'  class='main_color av_default_container_wrap container_wrap sidebar_left'  ><div class='container av-section-cont-open' ><div class='template-page content  av-content-small units'><div class='post-entry post-entry-type-page post-entry-8885'><div class='entry-content-wrapper clearfix'>\n<section  class='av_textblock_section av-lzi8olnl-3841f64b91d84cd9c3896b771b6656dc '   itemscope=\"itemscope\" itemtype=\"https:\/\/schema.org\/CreativeWork\" ><div class='avia_textblock'  itemprop=\"text\" ><h1><strong>Niemiecko-Polski Summer Camp 2026<\/strong><\/h1>\n<h2><strong>Dla m\u0142odzie\u017cy w wieku od 12 do 15 lat | 9-15 sierpnia 2026 r. <\/strong><\/h2>\n<p>Bardzo cieszymy si\u0119 z decyzji o przyznaniu dofinansowania ze \u015brodk\u00f3w Funduszu Ma\u0142ych Projekt\u00f3w INTERREG \u2013 dzi\u0119ki temu niemiecko-polski Summer Camp 2026 stanie si\u0119 mo\u017cliwy!<\/p>\n<p>Zgodnie z mottem<br \/>\n\u201eJe\u015bli chcecie zjednoczonej Europy, musicie zbli\u017cy\u0107 do siebie m\u0142odych ludzi\u201d (Jean Monnet)<br \/>\nSummer Camp zgromadzi 36 m\u0142odych ludzi mieszkaj\u0105cych w Niemczech lub w Polsce na wyj\u0105tkowy wsp\u00f3lny tydzie\u0144. Od 2018 roku fundacja organizuje niemiecko-polskie Summer Camps i umo\u017cliwia nawi\u0105zywanie kontakt\u00f3w ju\u017c od najm\u0142odszych lat, ponad granicami. Edycja 2026 jest wyj\u0105tkowa: na razie ostatnia przed gruntown\u0105 renowacj\u0105 istniej\u0105cych budynk\u00f3w \u2013 to niepowtarzalna okazja, by w niej uczestniczy\u0107<\/p>\n<p><img loading=\"lazy\" decoding=\"async\" class=\"alignnone size-full wp-image-11449\" src=\"https:\/\/est.eu\/wp-content\/uploads\/2026\/03\/Logoleiste_pln.jpg\" alt=\"\" width=\"1493\" height=\"352\" srcset=\"https:\/\/est.eu\/wp-content\/uploads\/2026\/03\/Logoleiste_pln.jpg 1493w, https:\/\/est.eu\/wp-content\/uploads\/2026\/03\/Logoleiste_pln-360x85.jpg 360w, https:\/\/est.eu\/wp-content\/uploads\/2026\/03\/Logoleiste_pln-1030x243.jpg 1030w, https:\/\/est.eu\/wp-content\/uploads\/2026\/03\/Logoleiste_pln-768x181.jpg 768w, https:\/\/est.eu\/wp-content\/uploads\/2026\/03\/Logoleiste_pln-705x166.jpg 705w\" sizes=\"auto, (max-width: 1493px) 100vw, 1493px\" \/><\/p>\n<h2><\/h2>\n<p><strong>\u00a0 \u00a0 \u00a0 \u00a0\u00a0<\/strong><\/p>\n<p><strong>\u00a0 \u00a0 \u00a0 \u00a0 \u00a0\u00a0<\/strong><\/p>\n<h4>Podsumowanie Summer Camp 2024<\/h4>\n<div style=\"width: 1500px;\" class=\"wp-video\"><video class=\"wp-video-shortcode\" id=\"video-8885-1\" width=\"1500\" height=\"844\" preload=\"metadata\" controls=\"controls\"><source type=\"video\/mp4\" src=\"https:\/\/est.eu\/wp-content\/uploads\/2024\/04\/241206-Version2-Est-Summercampvideo-1080pfinal03.mp4?_=1\" \/><a href=\"https:\/\/est.eu\/wp-content\/uploads\/2024\/04\/241206-Version2-Est-Summercampvideo-1080pfinal03.mp4\">https:\/\/est.eu\/wp-content\/uploads\/2024\/04\/241206-Version2-Est-Summercampvideo-1080pfinal03.mp4<\/a><\/video><\/div>\n<\/div><\/section>\n\n<style type=\"text\/css\" data-created_by=\"avia_inline_auto\" id=\"style-css-av-lzi8waau-eb8c7076a098f3710144bdac18f9a60b\">\n.av-horizontal-gallery.av-lzi8waau-eb8c7076a098f3710144bdac18f9a60b{\npadding:3.75% 0px;;\n}\n.av-horizontal-gallery.av-lzi8waau-eb8c7076a098f3710144bdac18f9a60b .av-horizontal-gallery-inner{\npadding-bottom:25%;\n}\n<\/style>\n<div  class='av-horizontal-gallery av-lzi8waau-eb8c7076a098f3710144bdac18f9a60b av-horizontal-gallery-large-gap av-horizontal-gallery-enlarge-effect  avia-builder-el-2  el_after_av_textblock  el_before_av_one_full  av-slideshow-ui av-control-default av-slideshow-manual av-loop-once av-loop-manual-once av-horizontal-gallery-1' data-slideshow-data=\"{&quot;enlarge&quot;:1.3,&quot;animation&quot;:&quot;slide&quot;,&quot;autoplay&quot;:false,&quot;loop_autoplay&quot;:&quot;once&quot;,&quot;interval&quot;:5,&quot;loop_manual&quot;:&quot;manual-once&quot;,&quot;autoplay_stopper&quot;:false,&quot;noNavigation&quot;:false,&quot;bg_slider&quot;:false,&quot;keep_padding&quot;:&quot;&quot;,&quot;hoverpause&quot;:false,&quot;show_slide_delay&quot;:0}\"  itemprop=\"image\" itemscope=\"itemscope\" itemtype=\"https:\/\/schema.org\/ImageObject\" ><div class='avia-slideshow-arrows avia-slideshow-controls' ><a href='#prev' class='prev-slide av-horizontal-gallery-prev' aria-hidden='true' data-av_icon='\ue87c' data-av_iconfont='entypo-fontello'  tabindex='-1'>Previous<\/a><a href='#next' class='next-slide av-horizontal-gallery-next' aria-hidden='true' data-av_icon='\ue87d' data-av_iconfont='entypo-fontello'  tabindex='-1'>Next<\/a><\/div><div class='avia-slideshow-dots avia-slideshow-controls av-horizontal-gallery-dots fade-in'><a href='#1' class='goto-slide active' >1<\/a><a href='#2' class='goto-slide ' >2<\/a><a href='#3' class='goto-slide ' >3<\/a><a href='#4' class='goto-slide ' >4<\/a><a href='#5' class='goto-slide ' >5<\/a><a href='#6' class='goto-slide ' >6<\/a><a href='#7' class='goto-slide ' >7<\/a><a href='#8' class='goto-slide ' >8<\/a><a href='#9' class='goto-slide ' >9<\/a><a href='#10' class='goto-slide ' >10<\/a><\/div><div class='av-horizontal-gallery-inner' data-av-height='25'><div class=\"av-horizontal-gallery-slider\"><div class=\"av-horizontal-gallery-wrap noHover\"><img decoding=\"async\" fetchpriority=\"high\" class='wp-image-10013 avia-img-lazy-loading-not-10013 av-horizontal-gallery-img' width=\"1030\" height=\"687\" src=\"https:\/\/est.eu\/wp-content\/uploads\/2024\/11\/240817_est_Summercamp_TSV0678_Tom-Schweers_kl-1030x687.jpg\" title='est Summercamp, 17.08.2024' alt='' srcset=\"https:\/\/est.eu\/wp-content\/uploads\/2024\/11\/240817_est_Summercamp_TSV0678_Tom-Schweers_kl-1030x687.jpg 1030w, https:\/\/est.eu\/wp-content\/uploads\/2024\/11\/240817_est_Summercamp_TSV0678_Tom-Schweers_kl-360x240.jpg 360w, https:\/\/est.eu\/wp-content\/uploads\/2024\/11\/240817_est_Summercamp_TSV0678_Tom-Schweers_kl-768x512.jpg 768w, https:\/\/est.eu\/wp-content\/uploads\/2024\/11\/240817_est_Summercamp_TSV0678_Tom-Schweers_kl-705x470.jpg 705w, https:\/\/est.eu\/wp-content\/uploads\/2024\/11\/240817_est_Summercamp_TSV0678_Tom-Schweers_kl.jpg 1440w\" sizes=\"(max-width: 1030px) 100vw, 1030px\" \/><a href=\"https:\/\/est.eu\/wp-content\/uploads\/2024\/11\/240817_est_Summercamp_TSV0678_Tom-Schweers_kl-1030x687.jpg\" data-srcset=\"https:\/\/est.eu\/wp-content\/uploads\/2024\/11\/240817_est_Summercamp_TSV0678_Tom-Schweers_kl-1030x687.jpg 1030w, https:\/\/est.eu\/wp-content\/uploads\/2024\/11\/240817_est_Summercamp_TSV0678_Tom-Schweers_kl-360x240.jpg 360w, https:\/\/est.eu\/wp-content\/uploads\/2024\/11\/240817_est_Summercamp_TSV0678_Tom-Schweers_kl-768x512.jpg 768w, https:\/\/est.eu\/wp-content\/uploads\/2024\/11\/240817_est_Summercamp_TSV0678_Tom-Schweers_kl-705x470.jpg 705w, https:\/\/est.eu\/wp-content\/uploads\/2024\/11\/240817_est_Summercamp_TSV0678_Tom-Schweers_kl.jpg 1440w\" data-sizes=\"(max-width: 1030px) 100vw, 1030px\" class='av-horizontal-gallery-link' aria-hidden='true' data-av_icon='\ue869' data-av_iconfont='entypo-fontello' title='est Summercamp, 17.08.2024' alt=''><\/a><\/div><div class=\"av-horizontal-gallery-wrap noHover\"><img decoding=\"async\" fetchpriority=\"high\" class='wp-image-11387 avia-img-lazy-loading-not-11387 av-horizontal-gallery-img' width=\"1030\" height=\"644\" src=\"https:\/\/est.eu\/wp-content\/uploads\/2026\/03\/Kajak_quer_300dpi-1030x644.jpg\" title='Kajak_quer_300dpi' alt='' srcset=\"https:\/\/est.eu\/wp-content\/uploads\/2026\/03\/Kajak_quer_300dpi-1030x644.jpg 1030w, https:\/\/est.eu\/wp-content\/uploads\/2026\/03\/Kajak_quer_300dpi-360x225.jpg 360w, https:\/\/est.eu\/wp-content\/uploads\/2026\/03\/Kajak_quer_300dpi-768x480.jpg 768w, https:\/\/est.eu\/wp-content\/uploads\/2026\/03\/Kajak_quer_300dpi-1536x960.jpg 1536w, https:\/\/est.eu\/wp-content\/uploads\/2026\/03\/Kajak_quer_300dpi-2048x1280.jpg 2048w, https:\/\/est.eu\/wp-content\/uploads\/2026\/03\/Kajak_quer_300dpi-1500x938.jpg 1500w, https:\/\/est.eu\/wp-content\/uploads\/2026\/03\/Kajak_quer_300dpi-705x441.jpg 705w\" sizes=\"(max-width: 1030px) 100vw, 1030px\" \/><a href=\"https:\/\/est.eu\/wp-content\/uploads\/2026\/03\/Kajak_quer_300dpi-1030x644.jpg\" data-srcset=\"https:\/\/est.eu\/wp-content\/uploads\/2026\/03\/Kajak_quer_300dpi-1030x644.jpg 1030w, https:\/\/est.eu\/wp-content\/uploads\/2026\/03\/Kajak_quer_300dpi-360x225.jpg 360w, https:\/\/est.eu\/wp-content\/uploads\/2026\/03\/Kajak_quer_300dpi-768x480.jpg 768w, https:\/\/est.eu\/wp-content\/uploads\/2026\/03\/Kajak_quer_300dpi-1536x960.jpg 1536w, https:\/\/est.eu\/wp-content\/uploads\/2026\/03\/Kajak_quer_300dpi-2048x1280.jpg 2048w, https:\/\/est.eu\/wp-content\/uploads\/2026\/03\/Kajak_quer_300dpi-1500x938.jpg 1500w, https:\/\/est.eu\/wp-content\/uploads\/2026\/03\/Kajak_quer_300dpi-705x441.jpg 705w\" data-sizes=\"(max-width: 1030px) 100vw, 1030px\" class='av-horizontal-gallery-link' aria-hidden='true' data-av_icon='\ue869' data-av_iconfont='entypo-fontello' title='Kajak_quer_300dpi' alt=''><\/a><\/div><div class=\"av-horizontal-gallery-wrap noHover\"><img decoding=\"async\" fetchpriority=\"high\" class='wp-image-11344 avia-img-lazy-loading-not-11344 av-horizontal-gallery-img' width=\"1030\" height=\"579\" src=\"https:\/\/est.eu\/wp-content\/uploads\/2026\/03\/IMG_2224-1030x579.jpg\" title='IMG_2224' alt='' srcset=\"https:\/\/est.eu\/wp-content\/uploads\/2026\/03\/IMG_2224-1030x579.jpg 1030w, https:\/\/est.eu\/wp-content\/uploads\/2026\/03\/IMG_2224-360x203.jpg 360w, https:\/\/est.eu\/wp-content\/uploads\/2026\/03\/IMG_2224-768x432.jpg 768w, https:\/\/est.eu\/wp-content\/uploads\/2026\/03\/IMG_2224-1536x864.jpg 1536w, https:\/\/est.eu\/wp-content\/uploads\/2026\/03\/IMG_2224-1500x844.jpg 1500w, https:\/\/est.eu\/wp-content\/uploads\/2026\/03\/IMG_2224-705x397.jpg 705w, https:\/\/est.eu\/wp-content\/uploads\/2026\/03\/IMG_2224.jpg 2048w\" sizes=\"(max-width: 1030px) 100vw, 1030px\" \/><a href=\"https:\/\/est.eu\/wp-content\/uploads\/2026\/03\/IMG_2224-1030x579.jpg\" data-srcset=\"https:\/\/est.eu\/wp-content\/uploads\/2026\/03\/IMG_2224-1030x579.jpg 1030w, https:\/\/est.eu\/wp-content\/uploads\/2026\/03\/IMG_2224-360x203.jpg 360w, https:\/\/est.eu\/wp-content\/uploads\/2026\/03\/IMG_2224-768x432.jpg 768w, https:\/\/est.eu\/wp-content\/uploads\/2026\/03\/IMG_2224-1536x864.jpg 1536w, https:\/\/est.eu\/wp-content\/uploads\/2026\/03\/IMG_2224-1500x844.jpg 1500w, https:\/\/est.eu\/wp-content\/uploads\/2026\/03\/IMG_2224-705x397.jpg 705w, https:\/\/est.eu\/wp-content\/uploads\/2026\/03\/IMG_2224.jpg 2048w\" data-sizes=\"(max-width: 1030px) 100vw, 1030px\" class='av-horizontal-gallery-link' aria-hidden='true' data-av_icon='\ue869' data-av_iconfont='entypo-fontello' title='IMG_2224' alt=''><\/a><\/div><div class=\"av-horizontal-gallery-wrap noHover\"><img decoding=\"async\" fetchpriority=\"high\" class='wp-image-10029 avia-img-lazy-loading-not-10029 av-horizontal-gallery-img' width=\"1030\" height=\"579\" src=\"https:\/\/est.eu\/wp-content\/uploads\/2024\/11\/Springen-1-1030x579.png\" title='Springen 1' alt='' srcset=\"https:\/\/est.eu\/wp-content\/uploads\/2024\/11\/Springen-1-1030x579.png 1030w, https:\/\/est.eu\/wp-content\/uploads\/2024\/11\/Springen-1-360x203.png 360w, https:\/\/est.eu\/wp-content\/uploads\/2024\/11\/Springen-1-768x432.png 768w, https:\/\/est.eu\/wp-content\/uploads\/2024\/11\/Springen-1-1536x864.png 1536w, https:\/\/est.eu\/wp-content\/uploads\/2024\/11\/Springen-1-2048x1152.png 2048w, https:\/\/est.eu\/wp-content\/uploads\/2024\/11\/Springen-1-1500x844.png 1500w, https:\/\/est.eu\/wp-content\/uploads\/2024\/11\/Springen-1-705x397.png 705w\" sizes=\"(max-width: 1030px) 100vw, 1030px\" \/><a href=\"https:\/\/est.eu\/wp-content\/uploads\/2024\/11\/Springen-1-1030x579.png\" data-srcset=\"https:\/\/est.eu\/wp-content\/uploads\/2024\/11\/Springen-1-1030x579.png 1030w, https:\/\/est.eu\/wp-content\/uploads\/2024\/11\/Springen-1-360x203.png 360w, https:\/\/est.eu\/wp-content\/uploads\/2024\/11\/Springen-1-768x432.png 768w, https:\/\/est.eu\/wp-content\/uploads\/2024\/11\/Springen-1-1536x864.png 1536w, https:\/\/est.eu\/wp-content\/uploads\/2024\/11\/Springen-1-2048x1152.png 2048w, https:\/\/est.eu\/wp-content\/uploads\/2024\/11\/Springen-1-1500x844.png 1500w, https:\/\/est.eu\/wp-content\/uploads\/2024\/11\/Springen-1-705x397.png 705w\" data-sizes=\"(max-width: 1030px) 100vw, 1030px\" class='av-horizontal-gallery-link' aria-hidden='true' data-av_icon='\ue869' data-av_iconfont='entypo-fontello' title='Springen 1' alt=''><\/a><\/div><div class=\"av-horizontal-gallery-wrap noHover\"><img decoding=\"async\" fetchpriority=\"high\" class='wp-image-11352 avia-img-lazy-loading-not-11352 av-horizontal-gallery-img' width=\"1030\" height=\"687\" src=\"https:\/\/est.eu\/wp-content\/uploads\/2026\/03\/OB-SK-HighRes-27-1030x687.jpg\" title='OB-SK-HighRes-27' alt='' srcset=\"https:\/\/est.eu\/wp-content\/uploads\/2026\/03\/OB-SK-HighRes-27-1030x687.jpg 1030w, https:\/\/est.eu\/wp-content\/uploads\/2026\/03\/OB-SK-HighRes-27-360x240.jpg 360w, https:\/\/est.eu\/wp-content\/uploads\/2026\/03\/OB-SK-HighRes-27-768x512.jpg 768w, https:\/\/est.eu\/wp-content\/uploads\/2026\/03\/OB-SK-HighRes-27-1536x1024.jpg 1536w, https:\/\/est.eu\/wp-content\/uploads\/2026\/03\/OB-SK-HighRes-27-2048x1365.jpg 2048w, https:\/\/est.eu\/wp-content\/uploads\/2026\/03\/OB-SK-HighRes-27-1500x1000.jpg 1500w, https:\/\/est.eu\/wp-content\/uploads\/2026\/03\/OB-SK-HighRes-27-705x470.jpg 705w\" sizes=\"(max-width: 1030px) 100vw, 1030px\" \/><a href=\"https:\/\/est.eu\/wp-content\/uploads\/2026\/03\/OB-SK-HighRes-27-1030x687.jpg\" data-srcset=\"https:\/\/est.eu\/wp-content\/uploads\/2026\/03\/OB-SK-HighRes-27-1030x687.jpg 1030w, https:\/\/est.eu\/wp-content\/uploads\/2026\/03\/OB-SK-HighRes-27-360x240.jpg 360w, https:\/\/est.eu\/wp-content\/uploads\/2026\/03\/OB-SK-HighRes-27-768x512.jpg 768w, https:\/\/est.eu\/wp-content\/uploads\/2026\/03\/OB-SK-HighRes-27-1536x1024.jpg 1536w, https:\/\/est.eu\/wp-content\/uploads\/2026\/03\/OB-SK-HighRes-27-2048x1365.jpg 2048w, https:\/\/est.eu\/wp-content\/uploads\/2026\/03\/OB-SK-HighRes-27-1500x1000.jpg 1500w, https:\/\/est.eu\/wp-content\/uploads\/2026\/03\/OB-SK-HighRes-27-705x470.jpg 705w\" data-sizes=\"(max-width: 1030px) 100vw, 1030px\" class='av-horizontal-gallery-link' aria-hidden='true' data-av_icon='\ue869' data-av_iconfont='entypo-fontello' title='OB-SK-HighRes-27' alt=''><\/a><\/div><div class=\"av-horizontal-gallery-wrap noHover\"><img decoding=\"async\" fetchpriority=\"high\" class='wp-image-11348 avia-img-lazy-loading-not-11348 av-horizontal-gallery-img' width=\"580\" height=\"1030\" src=\"https:\/\/est.eu\/wp-content\/uploads\/2026\/03\/Kochen-1-580x1030.jpg\" title='Kochen 1' alt='' srcset=\"https:\/\/est.eu\/wp-content\/uploads\/2026\/03\/Kochen-1-580x1030.jpg 580w, https:\/\/est.eu\/wp-content\/uploads\/2026\/03\/Kochen-1-270x480.jpg 270w, https:\/\/est.eu\/wp-content\/uploads\/2026\/03\/Kochen-1-768x1365.jpg 768w, https:\/\/est.eu\/wp-content\/uploads\/2026\/03\/Kochen-1-864x1536.jpg 864w, https:\/\/est.eu\/wp-content\/uploads\/2026\/03\/Kochen-1-1152x2048.jpg 1152w, https:\/\/est.eu\/wp-content\/uploads\/2026\/03\/Kochen-1-844x1500.jpg 844w, https:\/\/est.eu\/wp-content\/uploads\/2026\/03\/Kochen-1-397x705.jpg 397w, https:\/\/est.eu\/wp-content\/uploads\/2026\/03\/Kochen-1-scaled.jpg 1440w\" sizes=\"(max-width: 580px) 100vw, 580px\" \/><a href=\"https:\/\/est.eu\/wp-content\/uploads\/2026\/03\/Kochen-1-580x1030.jpg\" data-srcset=\"https:\/\/est.eu\/wp-content\/uploads\/2026\/03\/Kochen-1-580x1030.jpg 580w, https:\/\/est.eu\/wp-content\/uploads\/2026\/03\/Kochen-1-270x480.jpg 270w, https:\/\/est.eu\/wp-content\/uploads\/2026\/03\/Kochen-1-768x1365.jpg 768w, https:\/\/est.eu\/wp-content\/uploads\/2026\/03\/Kochen-1-864x1536.jpg 864w, https:\/\/est.eu\/wp-content\/uploads\/2026\/03\/Kochen-1-1152x2048.jpg 1152w, https:\/\/est.eu\/wp-content\/uploads\/2026\/03\/Kochen-1-844x1500.jpg 844w, https:\/\/est.eu\/wp-content\/uploads\/2026\/03\/Kochen-1-397x705.jpg 397w, https:\/\/est.eu\/wp-content\/uploads\/2026\/03\/Kochen-1-scaled.jpg 1440w\" data-sizes=\"(max-width: 580px) 100vw, 580px\" class='av-horizontal-gallery-link' aria-hidden='true' data-av_icon='\ue869' data-av_iconfont='entypo-fontello' title='Kochen 1' alt=''><\/a><\/div><div class=\"av-horizontal-gallery-wrap noHover\"><img decoding=\"async\" fetchpriority=\"high\" class='wp-image-11340 avia-img-lazy-loading-not-11340 av-horizontal-gallery-img' width=\"1030\" height=\"773\" src=\"https:\/\/est.eu\/wp-content\/uploads\/2026\/03\/IMG_2207-1030x773.jpg\" title='IMG_2207' alt='' srcset=\"https:\/\/est.eu\/wp-content\/uploads\/2026\/03\/IMG_2207-1030x773.jpg 1030w, https:\/\/est.eu\/wp-content\/uploads\/2026\/03\/IMG_2207-360x270.jpg 360w, https:\/\/est.eu\/wp-content\/uploads\/2026\/03\/IMG_2207-768x576.jpg 768w, https:\/\/est.eu\/wp-content\/uploads\/2026\/03\/IMG_2207-1536x1152.jpg 1536w, https:\/\/est.eu\/wp-content\/uploads\/2026\/03\/IMG_2207-1500x1125.jpg 1500w, https:\/\/est.eu\/wp-content\/uploads\/2026\/03\/IMG_2207-705x529.jpg 705w, https:\/\/est.eu\/wp-content\/uploads\/2026\/03\/IMG_2207.jpg 1600w\" sizes=\"(max-width: 1030px) 100vw, 1030px\" \/><a href=\"https:\/\/est.eu\/wp-content\/uploads\/2026\/03\/IMG_2207-1030x773.jpg\" data-srcset=\"https:\/\/est.eu\/wp-content\/uploads\/2026\/03\/IMG_2207-1030x773.jpg 1030w, https:\/\/est.eu\/wp-content\/uploads\/2026\/03\/IMG_2207-360x270.jpg 360w, https:\/\/est.eu\/wp-content\/uploads\/2026\/03\/IMG_2207-768x576.jpg 768w, https:\/\/est.eu\/wp-content\/uploads\/2026\/03\/IMG_2207-1536x1152.jpg 1536w, https:\/\/est.eu\/wp-content\/uploads\/2026\/03\/IMG_2207-1500x1125.jpg 1500w, https:\/\/est.eu\/wp-content\/uploads\/2026\/03\/IMG_2207-705x529.jpg 705w, https:\/\/est.eu\/wp-content\/uploads\/2026\/03\/IMG_2207.jpg 1600w\" data-sizes=\"(max-width: 1030px) 100vw, 1030px\" class='av-horizontal-gallery-link' aria-hidden='true' data-av_icon='\ue869' data-av_iconfont='entypo-fontello' title='IMG_2207' alt=''><\/a><\/div><div class=\"av-horizontal-gallery-wrap noHover\"><img decoding=\"async\" fetchpriority=\"high\" class='wp-image-10033 avia-img-lazy-loading-not-10033 av-horizontal-gallery-img' width=\"580\" height=\"1030\" src=\"https:\/\/est.eu\/wp-content\/uploads\/2024\/11\/Volleyball-1-580x1030.jpg\" title='Volleyball 1' alt='' srcset=\"https:\/\/est.eu\/wp-content\/uploads\/2024\/11\/Volleyball-1-580x1030.jpg 580w, https:\/\/est.eu\/wp-content\/uploads\/2024\/11\/Volleyball-1-270x480.jpg 270w, https:\/\/est.eu\/wp-content\/uploads\/2024\/11\/Volleyball-1-768x1365.jpg 768w, https:\/\/est.eu\/wp-content\/uploads\/2024\/11\/Volleyball-1-864x1536.jpg 864w, https:\/\/est.eu\/wp-content\/uploads\/2024\/11\/Volleyball-1-1152x2048.jpg 1152w, https:\/\/est.eu\/wp-content\/uploads\/2024\/11\/Volleyball-1-844x1500.jpg 844w, https:\/\/est.eu\/wp-content\/uploads\/2024\/11\/Volleyball-1-397x705.jpg 397w, https:\/\/est.eu\/wp-content\/uploads\/2024\/11\/Volleyball-1-scaled.jpg 1441w\" sizes=\"(max-width: 580px) 100vw, 580px\" \/><a href=\"https:\/\/est.eu\/wp-content\/uploads\/2024\/11\/Volleyball-1-580x1030.jpg\" data-srcset=\"https:\/\/est.eu\/wp-content\/uploads\/2024\/11\/Volleyball-1-580x1030.jpg 580w, https:\/\/est.eu\/wp-content\/uploads\/2024\/11\/Volleyball-1-270x480.jpg 270w, https:\/\/est.eu\/wp-content\/uploads\/2024\/11\/Volleyball-1-768x1365.jpg 768w, https:\/\/est.eu\/wp-content\/uploads\/2024\/11\/Volleyball-1-864x1536.jpg 864w, https:\/\/est.eu\/wp-content\/uploads\/2024\/11\/Volleyball-1-1152x2048.jpg 1152w, https:\/\/est.eu\/wp-content\/uploads\/2024\/11\/Volleyball-1-844x1500.jpg 844w, https:\/\/est.eu\/wp-content\/uploads\/2024\/11\/Volleyball-1-397x705.jpg 397w, https:\/\/est.eu\/wp-content\/uploads\/2024\/11\/Volleyball-1-scaled.jpg 1441w\" data-sizes=\"(max-width: 580px) 100vw, 580px\" class='av-horizontal-gallery-link' aria-hidden='true' data-av_icon='\ue869' data-av_iconfont='entypo-fontello' title='Volleyball 1' alt=''><\/a><\/div><div class=\"av-horizontal-gallery-wrap noHover\"><img decoding=\"async\" fetchpriority=\"high\" class='wp-image-11336 avia-img-lazy-loading-not-11336 av-horizontal-gallery-img' width=\"1030\" height=\"687\" src=\"https:\/\/est.eu\/wp-content\/uploads\/2026\/03\/240817_SummerCamp_TSV1705_Schweers_gr-6-1030x687.jpg\" title='est Summercamp, 17.08.2024' alt='' srcset=\"https:\/\/est.eu\/wp-content\/uploads\/2026\/03\/240817_SummerCamp_TSV1705_Schweers_gr-6-1030x687.jpg 1030w, https:\/\/est.eu\/wp-content\/uploads\/2026\/03\/240817_SummerCamp_TSV1705_Schweers_gr-6-360x240.jpg 360w, https:\/\/est.eu\/wp-content\/uploads\/2026\/03\/240817_SummerCamp_TSV1705_Schweers_gr-6-768x512.jpg 768w, https:\/\/est.eu\/wp-content\/uploads\/2026\/03\/240817_SummerCamp_TSV1705_Schweers_gr-6-1536x1024.jpg 1536w, https:\/\/est.eu\/wp-content\/uploads\/2026\/03\/240817_SummerCamp_TSV1705_Schweers_gr-6-2048x1365.jpg 2048w, https:\/\/est.eu\/wp-content\/uploads\/2026\/03\/240817_SummerCamp_TSV1705_Schweers_gr-6-1500x1000.jpg 1500w, https:\/\/est.eu\/wp-content\/uploads\/2026\/03\/240817_SummerCamp_TSV1705_Schweers_gr-6-705x470.jpg 705w\" sizes=\"(max-width: 1030px) 100vw, 1030px\" \/><a href=\"https:\/\/est.eu\/wp-content\/uploads\/2026\/03\/240817_SummerCamp_TSV1705_Schweers_gr-6-1030x687.jpg\" data-srcset=\"https:\/\/est.eu\/wp-content\/uploads\/2026\/03\/240817_SummerCamp_TSV1705_Schweers_gr-6-1030x687.jpg 1030w, https:\/\/est.eu\/wp-content\/uploads\/2026\/03\/240817_SummerCamp_TSV1705_Schweers_gr-6-360x240.jpg 360w, https:\/\/est.eu\/wp-content\/uploads\/2026\/03\/240817_SummerCamp_TSV1705_Schweers_gr-6-768x512.jpg 768w, https:\/\/est.eu\/wp-content\/uploads\/2026\/03\/240817_SummerCamp_TSV1705_Schweers_gr-6-1536x1024.jpg 1536w, https:\/\/est.eu\/wp-content\/uploads\/2026\/03\/240817_SummerCamp_TSV1705_Schweers_gr-6-2048x1365.jpg 2048w, https:\/\/est.eu\/wp-content\/uploads\/2026\/03\/240817_SummerCamp_TSV1705_Schweers_gr-6-1500x1000.jpg 1500w, https:\/\/est.eu\/wp-content\/uploads\/2026\/03\/240817_SummerCamp_TSV1705_Schweers_gr-6-705x470.jpg 705w\" data-sizes=\"(max-width: 1030px) 100vw, 1030px\" class='av-horizontal-gallery-link' aria-hidden='true' data-av_icon='\ue869' data-av_iconfont='entypo-fontello' title='est Summercamp, 17.08.2024' alt=''><\/a><\/div><div class=\"av-horizontal-gallery-wrap noHover\"><img decoding=\"async\" fetchpriority=\"high\" class='wp-image-8632 avia-img-lazy-loading-not-8632 av-horizontal-gallery-img' width=\"1030\" height=\"773\" src=\"https:\/\/est.eu\/wp-content\/uploads\/2024\/03\/IMG_BF166ABAE06E-11-1030x773.jpeg\" title='IMG_BF166ABAE06E-11' alt='' srcset=\"https:\/\/est.eu\/wp-content\/uploads\/2024\/03\/IMG_BF166ABAE06E-11-1030x773.jpeg 1030w, https:\/\/est.eu\/wp-content\/uploads\/2024\/03\/IMG_BF166ABAE06E-11-360x270.jpeg 360w, https:\/\/est.eu\/wp-content\/uploads\/2024\/03\/IMG_BF166ABAE06E-11-768x576.jpeg 768w, https:\/\/est.eu\/wp-content\/uploads\/2024\/03\/IMG_BF166ABAE06E-11-1536x1152.jpeg 1536w, https:\/\/est.eu\/wp-content\/uploads\/2024\/03\/IMG_BF166ABAE06E-11-1500x1125.jpeg 1500w, https:\/\/est.eu\/wp-content\/uploads\/2024\/03\/IMG_BF166ABAE06E-11-705x529.jpeg 705w, https:\/\/est.eu\/wp-content\/uploads\/2024\/03\/IMG_BF166ABAE06E-11.jpeg 2048w\" sizes=\"(max-width: 1030px) 100vw, 1030px\" \/><a href=\"https:\/\/est.eu\/wp-content\/uploads\/2024\/03\/IMG_BF166ABAE06E-11-1030x773.jpeg\" data-srcset=\"https:\/\/est.eu\/wp-content\/uploads\/2024\/03\/IMG_BF166ABAE06E-11-1030x773.jpeg 1030w, https:\/\/est.eu\/wp-content\/uploads\/2024\/03\/IMG_BF166ABAE06E-11-360x270.jpeg 360w, https:\/\/est.eu\/wp-content\/uploads\/2024\/03\/IMG_BF166ABAE06E-11-768x576.jpeg 768w, https:\/\/est.eu\/wp-content\/uploads\/2024\/03\/IMG_BF166ABAE06E-11-1536x1152.jpeg 1536w, https:\/\/est.eu\/wp-content\/uploads\/2024\/03\/IMG_BF166ABAE06E-11-1500x1125.jpeg 1500w, https:\/\/est.eu\/wp-content\/uploads\/2024\/03\/IMG_BF166ABAE06E-11-705x529.jpeg 705w, https:\/\/est.eu\/wp-content\/uploads\/2024\/03\/IMG_BF166ABAE06E-11.jpeg 2048w\" data-sizes=\"(max-width: 1030px) 100vw, 1030px\" class='av-horizontal-gallery-link' aria-hidden='true' data-av_icon='\ue869' data-av_iconfont='entypo-fontello' title='IMG_BF166ABAE06E-11' alt=''><\/a><\/div><\/div><\/div><\/div>\n<div  class='flex_column av-2s20b0-57a1b3126f82fd38652fd215d9b94427 av_one_full  avia-builder-el-3  el_after_av_horizontal_gallery  el_before_av_textblock  avia-builder-el-first  first flex_column_div  '     ><section  class='av_textblock_section av-li9g2kd3-0cae7b908cdc08a6c686f865cdc9270b '   itemscope=\"itemscope\" itemtype=\"https:\/\/schema.org\/CreativeWork\" ><div class='avia_textblock'  itemprop=\"text\" ><h4>\u00a0Czego mo\u017cecie oczekiwa\u0107?<\/h4>\n<p>Punktem wyj\u015bcia i zako\u0144czenia projektu jest ob\u00f3z namiotowy w regionie Uckermark, przy przystani przysz\u0142ej szko\u0142y <em>est<\/em> \u2013 <em>Europejskiej Szko\u0142y w Templinie<\/em>. Stamt\u0105d wyruszycie na czterodniow\u0105 wypraw\u0119 kajakow\u0105 w ma\u0142ych, mi\u0119dzynarodowych grupach. Wsp\u00f3lnie b\u0119dziecie wios\u0142owa\u0107 przez krajobraz jezior Uckermark, odkrywa\u0107 ukryte miejsca na brzegu i rozbija\u0107 ob\u00f3z w samym sercu natury. Wieczorami b\u0119dziecie wsp\u00f3lnie gotowa\u0107, opowiada\u0107 historie, podziwia\u0107 gwiazdy odbijaj\u0105ce si\u0119 w wodzie, a nowe przyja\u017anie nawi\u0105\u017c\u0105 si\u0119 niemal same. Po powrocie do Templina odb\u0119dzie si\u0119 wsp\u00f3lna impreza na zako\u0144czenie obozu.<\/p>\n<p>B\u0119d\u0105 wam towarzyszy\u0107 do\u015bwiadczeni, wieloj\u0119zyczni edukatorzy w zakresie edukacji opartej na do\u015bwiadczeniu, kt\u00f3rzy zapewni\u0105 wam wsparcie i bezpieczne warunki.<\/p>\n<h4><strong>\u00a0 \u00a0 \u00a0<\/strong><\/h4>\n<h4>Kto mo\u017ce wzi\u0105\u0107 udzia\u0142?<\/h4>\n<p>Najwa\u017cniejszym warunkiem jest to, aby\u015b<\/p>\n<ul>\n<li>mia\u0142 ochot\u0119 poznawa\u0107 nowych ludzi i komunikowa\u0107 si\u0119 z nimi \u2013 nawet je\u015bli b\u0119dzie to wymaga\u0142o u\u017cycia r\u0105k i n\u00f3g,<\/li>\n<li>wykaza\u0142 si\u0119 otwarto\u015bci\u0105, ciekawo\u015bci\u0105 i rado\u015bci\u0105 z sp\u0119dzania du\u017cej ilo\u015bci czasu na \u0142onie natury oraz aktywnego obcowania z ni\u0105,<\/li>\n<li>jeste\u015b gotowy na chwil\u0119 zrezygnowa\u0107 z telefonu kom\u00f3rkowego i ca\u0142kowicie zaanga\u017cowa\u0107 si\u0119 we wsp\u00f3lne do\u015bwiadczenia na obozie,<\/li>\n<li>mieszkasz w regionie mi\u0119dzy Koszalinem, Po\u0142czynem-Zdrojem a Szczecinem oraz<\/li>\n<li>masz od 12 do 15 lat.<\/li>\n<\/ul>\n<h4><strong>\u00a0 \u00a0 \u00a0<\/strong><\/h4>\n<h4>Informacje organizacyjne<\/h4>\n<ul>\n<li>Okres czasu: 9\u201315 sierpnia 2026 r.<\/li>\n<li>Wk\u0142ad w\u0142asny: 75 EUR<\/li>\n<li>Termin zg\u0142osze\u0144 do: 30 kwietnia 2026 r.<\/li>\n<li>Potwierdzenie udzia\u0142u lub rezygnacja: do 15 maja 2026 r.<\/li>\n<\/ul>\n<h4><strong>\u00a0 \u00a0 \u00a0<\/strong><\/h4>\n<h4>Chcesz do nas do\u0142\u0105czy\u0107?<\/h4>\n<p>Zg\u0142o\u015b si\u0119, aby zaj\u0105\u0107 miejsce w kajaku i opowiedz nam, dlaczego chcesz wzi\u0105\u0107 udzia\u0142 w niemiecko-polskim Summer Camp.<\/p>\n<p><a href=\"https:\/\/est.eu\/wp-content\/uploads\/2026\/03\/Bewerbungsbogen_2026_pln.pdf\">Tutaj znajdziesz formularz zg\u0142oszeniowy<\/a><\/p>\n<p><a href=\"https:\/\/est.eu\/wp-content\/uploads\/2026\/03\/Flyer-SC26_web_pln.pdf\" target=\"_blank\" rel=\"noopener\">Ulotka Summer Camp<\/a><\/p>\n<p><a href=\"https:\/\/est.eu\/wp-content\/uploads\/2026\/03\/FAQ_SC26_pln.pdf\" target=\"_blank\" rel=\"noopener\">Tutaj znajdziesz odpowiedzi na swoje pytania<\/a><\/p>\n<p>Je\u015bli masz dodatkowe pytania, skontaktuj si\u0119 z nami:<\/p>\n<ul>\n<li>telefonicznie pod numerem +48 943 666 120 lub telefon kom\u00f3rkowy +48 694 632 401<\/li>\n<li>mailowo na adres <a href=\"mailto:promocja@polczyn-zdroj.pl\">promocja@polczyn-zdroj.pl<\/a><\/li>\n<li>przez Instagram: summercamp.est<\/li>\n<li>we\u017a udzia\u0142 w naszym:<\/li>\n<\/ul>\n<h4>Spotkaniu Informacyjnym Online: nowy termin!<\/h4>\n<p>Data: <strong>\u015broda, 22.04.2026<\/strong><br \/>\nGodzina: <strong>godz. 19<\/strong><br \/>\nMiejsce: online poprzez Zoom<\/p>\n<p>Przedstawimy program, om\u00f3wimy przebieg dnia, przeka\u017cemy informacje na temat opieki i organizacji \u2013 oraz ch\u0119tnie odpowiemy na wszystkie pytania rodzic\u00f3w i uczestnik\u00f3w.<\/p>\n<h4>Zg\u0142oszenie:<\/h4>\n<p>Prosimy o zg\u0142oszenie udzia\u0142u poczt\u0105 elektroniczn\u0105 na adres:<\/p>\n<p>Summercamp@est.eu<\/p>\n<p>Po zg\u0142oszeniu w odpowiednim czasie prze\u015blemy link dost\u0119powy poczt\u0105 elektroniczn\u0105.<\/p>\n<h4>Informacja o ochronie danych dotycz\u0105ca wydarzenia online<\/h4>\n<p>Przy rejestracji przetwarzamy podany adres mailowy oraz, w razie potrzeby, imi\u0119 i nazwisko wy\u0142\u0105cznie w celu organizacji i przeprowadzenia wydarzenia informacyjnego.<\/p>\n<p>Wydarzenie odb\u0119dzie si\u0119 za po\u015brednictwem aplikacji \u201eTeams\u201d. W tym celu przetwarzane s\u0105 dane osobowe niezb\u0119dne z technicznego punktu widzenia (np. adres IP, nazwa wy\u015bwietlana podczas spotkania oraz w razie potrzeby, dane obrazu i d\u017awi\u0119ku w przypadku aktywnego korzystania z kamery lub mikrofonu).<\/p>\n<p>Udzia\u0142 jest dobrowolny. Kamer\u0119 i mikrofon mo\u017cna wy\u0142\u0105czy\u0107 w dowolnym momencie.<\/p>\n<p>Wydarzenie nie jest nagrywane.<\/p>\n<p>Wi\u0119cej informacji na temat ochrony danych mo\u017cna znale\u017a\u0107 w naszej <u>polityce prywatno\u015bci<\/u>.<\/p>\n<\/div><\/section><\/div><section  class='av_textblock_section av-lub969p1-9e22298dc65c28946f5f6e3946e149e8 '   itemscope=\"itemscope\" itemtype=\"https:\/\/schema.org\/CreativeWork\" ><div class='avia_textblock'  itemprop=\"text\" ><h2><b><span data-contrast=\"auto\">Og\u00f3lne informacje o Summer Camp <\/span><\/b><span data-ccp-props=\"{\">\u00a0<\/span><\/h2>\n<p>Tolerancja, solidarno\u015b\u0107 i demokracja nie s\u0105 w Europie czym\u015b oczywistym. Wierzymy, \u017ce wzajemne poznawanie si\u0119 i zrozumienie s\u0105 kluczem do budowania i utrzymywania tolerancji, solidarno\u015bci i demokracji \u2013 jako warunk\u00f3w niezb\u0119dnych dla funkcjonowania otwartych spo\u0142ecze\u0144stw. W ramach naszego obozu wysy\u0142amy m\u0142odych ludzi mieszkaj\u0105cych w Polsce lub Niemczech w mieszanych grupach w podr\u00f3\u017c. Ich droga prowadzi przez wyj\u0105tkowe krajobrazy naturalne wok\u00f3\u0142 Templina, gdzie powstanie przysz\u0142a est \u2013 szko\u0142a dla Europy w Templinie. Wsp\u00f3lnie pokonaj\u0105 wyzwania, jakie napotkaj\u0105 podczas takiej podr\u00f3\u017cy przez \u201eodleg\u0142e rejony\u201d. Podczas wyprawy uczestnicy prze\u017cyj\u0105 przygody i do\u015bwiadcz\u0105 si\u0142y wsp\u00f3lnego dzia\u0142ania oraz europejskiej wsp\u00f3lnoty. Zakwaterowanie odbywa si\u0119 na kempingach lub na \u0142onie natury. M\u0142odzie\u017c musi sama zadba\u0107 o wy\u017cywienie i odpowiednio je zaplanowa\u0107. Towarzysz\u0105 im do\u015bwiadczeni, wieloj\u0119zyczni pedagodzy specjalizuj\u0105cy si\u0119 w edukacji opartej na do\u015bwiadczeniach.<\/p>\n<p>Poprzez obozy letnie chcemy rozbudzi\u0107 ducha europejskiego w przysz\u0142ej siedzibie est jeszcze przed jej otwarciem. Projekt ma zosta\u0107 w\u0142\u0105czony do rocznego programu est. W latach 2018, 2019 i 2024 zorganizowali\u015bmy ju\u017c kilka udanych oboz\u00f3w letnich z udzia\u0142em m\u0142odzie\u017cy niemiecko-polskiej. W 2022 roku, z okazji 30-lecia udanego forum dyskusyjnego \u201eTr\u00f3jk\u0105t Weimarski\u201d, kt\u00f3re odby\u0142o si\u0119 w 2021 roku, zaprosili\u015bmy na ob\u00f3z r\u00f3wnie\u017c m\u0142odych ludzi mieszkaj\u0105cych we Francji, a tak\u017ce m\u0142odzie\u017c uchod\u017acz\u0105 z Ukrainy w zwi\u0105zku z rosyjsk\u0105 wojn\u0105 agresywn\u0105 przeciwko Ukrainie.<\/p>\n<\/div><\/section><\/p>\n<section  class='av_textblock_section av-lub98j1v-f7ce45ee7476daed4c6ef1dbdc34d605 '   itemscope=\"itemscope\" itemtype=\"https:\/\/schema.org\/CreativeWork\" ><div class='avia_textblock'  itemprop=\"text\" ><p><b><span data-contrast=\"auto\">Archiwum<\/span><\/b><span data-ccp-props=\"{\">\u00a0<\/span><\/p>\n<p><a href=\"https:\/\/est.eu\/wp-content\/uploads\/2024\/11\/Projektdoku_SC24_final_s.pdf\">Dokumentacja projektu Summer Camp 2024<\/a><\/p>\n<p><a href=\"https:\/\/est.eu\/wp-content\/uploads\/2023\/06\/2022_Fotobuch_SC_S.pdf\"><span data-contrast=\"auto\">Fotoksi\u0105\u017cka Summer Camp 2022 \u00bb<\/span><\/a><span data-ccp-props=\"{\">\u00a0<\/span><\/p>\n<p><a href=\"https:\/\/est.eu\/rueckblick_sc_2022\/\"><span data-contrast=\"auto\">Retrospekcja Summer Camp 2022 \u00bb<\/span><\/a><span data-ccp-props=\"{\">\u00a0<\/span><\/p>\n<p><span data-ccp-props=\"{\">\u00a0<\/span><\/p>\n<\/div><\/section>\n","protected":false},"excerpt":{"rendered":"","protected":false},"author":10,"featured_media":0,"parent":0,"menu_order":40,"comment_status":"closed","ping_status":"closed","template":"","meta":{"footnotes":""},"class_list":["post-8885","page","type-page","status-publish","hentry"],"_links":{"self":[{"href":"https:\/\/est.eu\/pl\/wp-json\/wp\/v2\/pages\/8885","targetHints":{"allow":["GET"]}}],"collection":[{"href":"https:\/\/est.eu\/pl\/wp-json\/wp\/v2\/pages"}],"about":[{"href":"https:\/\/est.eu\/pl\/wp-json\/wp\/v2\/types\/page"}],"author":[{"embeddable":true,"href":"https:\/\/est.eu\/pl\/wp-json\/wp\/v2\/users\/10"}],"replies":[{"embeddable":true,"href":"https:\/\/est.eu\/pl\/wp-json\/wp\/v2\/comments?post=8885"}],"version-history":[{"count":55,"href":"https:\/\/est.eu\/pl\/wp-json\/wp\/v2\/pages\/8885\/revisions"}],"predecessor-version":[{"id":11479,"href":"https:\/\/est.eu\/pl\/wp-json\/wp\/v2\/pages\/8885\/revisions\/11479"}],"wp:attachment":[{"href":"https:\/\/est.eu\/pl\/wp-json\/wp\/v2\/media?parent=8885"}],"curies":[{"name":"wp","href":"https:\/\/api.w.org\/{rel}","templated":true}]}}